{"id":7395,"date":"2017-10-05T16:48:25","date_gmt":"2017-10-05T16:48:25","guid":{"rendered":"http:\/\/classicissima.it\/?page_id=7395"},"modified":"2023-07-27T11:09:50","modified_gmt":"2023-07-27T11:09:50","slug":"verteilung-der-startnummern","status":"publish","type":"page","link":"https:\/\/classicissima.it\/de\/anmeldung-2\/verteilung-der-startnummern\/","title":{"rendered":"Verteilung der Startnummern"},"content":{"rendered":"<h2>Zugewiesene Startnummern f\u00fcr die Granfondo San Remo &#8211; San Remo Classicissima sind Gegenstand zur \u00dcberpr\u00fcfung, dass die Dokumente der Teilnehmer f\u00fcr die Teilnahme an der Wettkampfsaison berechtigen.<\/h2>\n<p>&nbsp;<\/p>\n<h3>Verteilung der Startnummern<\/h3>\n<p><span style=\"color: #ff0000;\"><strong>Die Startnummern werden verteilt sobald die Dokumente der Sportler verifiziert wurden.<\/strong><\/span><\/p>\n<p>Sobald Sie Ihre Anmeldung abgeschlossen haben, k\u00f6nnen Sie Ihre Dokumente mit Hilfe des Formulars auf <a href=\"https:\/\/classicissima.it\/de\/formular-zur-einreichung-von-dokumenten\/\" target=\"_blank\" rel=\"noopener\">dieser Seite<\/a> hochladen (UPLOAD).<\/p>\n<p><strong>Die Organisation wird damit fortfahren, Ihre Dokumente zu \u00fcberpr\u00fcfen und eine Startnummer zuzuordnen. <\/strong><\/p>\n<h3>FRIST F\u00dcR DIE VERIFIZIERUNG VON DOKUMENTEN<\/h3>\n<p><strong><span style=\"color: #ff0000;\">Die strikte Frist f\u00fcr die Verifizierung der Dokumente der Sportler ist auf den <span id=\"result_box\" class=\"short_text\" lang=\"de\"><span class=\"\">7 Tage vor dem Datum der Veranstaltung<\/span><\/span>. <\/span><\/strong><\/p>\n<p>Aus organisatorischen Gr\u00fcnden wird die Organisation nicht in der Lage sein, die Dokumente von Sportlern in den Tagen unmittelbar vor dem Rennen zu pr\u00fcfen. Jeder, der seine Dokumente nicht in der erforderlichen Frist eingereicht hat, kann an der Veranstaltung nicht teilnehmen.<\/p>\n<h3>F\u00dcR DIE BEST\u00c4TIGUNG DER STARTNUMMER ERFORDERLICHE DOKUMENTE<\/h3>\n<p>In der folgenden Liste befinden sich alle Dokumente, die f\u00fcr die Best\u00e4tigung der Registrierung f\u00fcr die Veranstaltung ben\u00f6tigt werden, basierend auf der in Ihrem Besitz befindlichen Mitgliedschaftskarte\/Lizenz.<\/p>\n<p><span style=\"color: #ff0000;\"><strong>Die erforderlichen Mitgliedschaftskarten\/Lizenzen und medizinischen Zertifikate f\u00fcr Leistungssport m\u00fcssen f\u00fcr das Datum g\u00fcltig sein, an dem das Rennen stattfindet. Zertifikate m\u00fcssen 6 Monate vor dem Veranstaltungstermin ausgestellt werden<\/strong><\/span><\/p>\n<h3>TAGESLIZENZ<\/h3>\n<table border=\"0\" cellspacing=\"0\">\n<colgroup width=\"319\"><\/colgroup>\n<colgroup width=\"209\"><\/colgroup>\n<tbody>\n<tr style=\"background-color: #237ec6; color: #fff;\">\n<td style=\"height: 23px;\" align=\"left\" height=\"17\">Verband<\/td>\n<td style=\"height: 23px;\" align=\"left\">Zu sendende Dokumente<\/td>\n<\/tr>\n<tr style=\"height: 23px;\">\n<td style=\"height: 23px;\" align=\"left\" height=\"17\"><b><strong>Tageslizenz<\/strong> ACSI<\/b><\/td>\n<td style=\"height: 23px;\" align=\"left\"><strong>medizinisches Zertifikat f\u00fcr Leistungssport und ethische Erkl\u00e4rung<\/strong><\/td>\n<\/tr>\n<\/tbody>\n<\/table>\n<p>&nbsp;<\/p>\n<h3>FREMD<\/h3>\n<table border=\"0\" cellspacing=\"0\">\n<colgroup width=\"319\"><\/colgroup>\n<colgroup width=\"209\"><\/colgroup>\n<tbody>\n<tr style=\"background-color: #237ec6; color: #fff;\">\n<td style=\"width: 312px;\" align=\"left\" height=\"17\">Verband<\/td>\n<td style=\"width: 216px;\" align=\"left\">Zu sendende Dokumente<\/td>\n<\/tr>\n<tr>\n<td style=\"width: 312px;\" align=\"left\" height=\"17\">ALBANIA UCI Cycling Federation<\/td>\n<td style=\"width: 216px;\" align=\"left\">eingescannte Lizenz<\/td>\n<\/tr>\n<tr>\n<td style=\"width: 312px;\" align=\"left\" height=\"17\">ANDORRA UCI Cycling Federation<\/td>\n<td style=\"width: 216px;\" align=\"left\">eingescannte Lizenz<\/td>\n<\/tr>\n<tr>\n<td style=\"width: 312px;\" align=\"left\" height=\"17\">ARMENIA UCI Cycling Federation<\/td>\n<td style=\"width: 216px;\" align=\"left\">eingescannte Lizenz<\/td>\n<\/tr>\n<tr>\n<td style=\"width: 312px;\" align=\"left\" height=\"17\">AUSTRIA UCI Cycling Federation<\/td>\n<td style=\"width: 216px;\" align=\"left\">eingescannte Lizenz<\/td>\n<\/tr>\n<tr>\n<td style=\"width: 312px;\" align=\"left\" height=\"17\">AZERBAIJAN UCI Cycling Federation<\/td>\n<td style=\"width: 216px;\" align=\"left\">eingescannte Lizenz<\/td>\n<\/tr>\n<tr>\n<td style=\"width: 312px;\" align=\"left\" height=\"17\">BELGIUM UCI Royal Cycling League<\/td>\n<td style=\"width: 216px;\" align=\"left\">eingescannte Lizenz<\/td>\n<\/tr>\n<tr>\n<td style=\"width: 312px;\" align=\"left\" height=\"17\"><strong>BELGIUM VWB Vlaamse Wielrijdersbond<\/strong><\/td>\n<td style=\"width: 216px;\" align=\"left\"><strong>medizinisches Zertifikat f\u00fcr Leistungssport<\/strong><\/p>\n<p><strong>Bitte beachten: Diese Lizenz wird von dem UCI nicht anerkannt, daher ist eine Tageslizenz notwendig<\/strong><\/td>\n<\/tr>\n<tr>\n<td style=\"width: 312px;\" align=\"left\" height=\"17\">BOSNIA UCI Cycling Federation<\/td>\n<td style=\"width: 216px;\" align=\"left\">eingescannte Lizenz<\/td>\n<\/tr>\n<tr>\n<td style=\"width: 312px;\" align=\"left\" height=\"17\">BELARUS UCI Federation of Cycling Sport<\/td>\n<td style=\"width: 216px;\" align=\"left\">eingescannte Lizenz<\/td>\n<\/tr>\n<tr>\n<td style=\"width: 312px;\" align=\"left\" height=\"17\">BULGARIA UCI Cycling Union<\/td>\n<td style=\"width: 216px;\" align=\"left\">eingescannte Lizenz<\/td>\n<\/tr>\n<tr>\n<td style=\"width: 312px;\" align=\"left\" height=\"17\">CROATIA UCI Cycling Federation<\/td>\n<td style=\"width: 216px;\" align=\"left\">eingescannte Lizenz<\/td>\n<\/tr>\n<tr>\n<td style=\"width: 312px;\" align=\"left\" height=\"17\">CYPRUS UCI Cycling Federation<\/td>\n<td style=\"width: 216px;\" align=\"left\">eingescannte Lizenz<\/td>\n<\/tr>\n<tr>\n<td style=\"width: 312px;\" align=\"left\" height=\"17\">CZECH REP UCI Cycling Federation<\/td>\n<td style=\"width: 216px;\" align=\"left\">eingescannte Lizenz<\/td>\n<\/tr>\n<tr>\n<td style=\"width: 312px;\" align=\"left\" height=\"17\">DENMARK UCI Cycling Federation<\/td>\n<td style=\"width: 216px;\" align=\"left\">eingescannte Lizenz<\/td>\n<\/tr>\n<tr>\n<td style=\"width: 312px;\" align=\"left\" height=\"17\">ESTONIA UCI Cyclists<\/td>\n<td style=\"width: 216px;\" align=\"left\">eingescannte Lizenz<\/td>\n<\/tr>\n<tr>\n<td style=\"width: 312px;\" align=\"left\" height=\"17\">FINLAND UCI Cycling Union<\/td>\n<td style=\"width: 216px;\" align=\"left\">eingescannte Lizenz<\/td>\n<\/tr>\n<tr>\n<td style=\"width: 312px;\" align=\"left\" height=\"17\">FRANCE UCI Cycling Federation<\/td>\n<td style=\"width: 216px;\" align=\"left\">eingescannte Lizenz<\/td>\n<\/tr>\n<tr>\n<td style=\"width: 312px;\" align=\"left\" height=\"17\"><strong>FRANCE UFOLEP<\/strong><\/td>\n<td style=\"width: 216px;\" align=\"left\"><strong>medizinisches Zertifikat f\u00fcr Leistungssport<\/strong><\/p>\n<p><strong><strong>Bitte beachten: Diese Lizenz wird von dem UCI nicht anerkannt, daher ist eine Tageslizenz notwendig<\/strong><\/strong><\/td>\n<\/tr>\n<tr>\n<td style=\"width: 312px;\" align=\"left\" height=\"17\">GEORGIA UCI Cycling Federation<\/td>\n<td style=\"width: 216px;\" align=\"left\">eingescannte Lizenz<\/td>\n<\/tr>\n<tr>\n<td style=\"width: 312px;\" align=\"left\" height=\"17\">GERMANY UCI Cycling Federation<\/td>\n<td style=\"width: 216px;\" align=\"left\">eingescannte Lizenz<\/td>\n<\/tr>\n<tr>\n<td style=\"width: 312px;\" align=\"left\" height=\"17\">GREECE UCI Cycling Federation<\/td>\n<td style=\"width: 216px;\" align=\"left\">eingescannte Lizenz<\/td>\n<\/tr>\n<tr>\n<td style=\"width: 312px;\" align=\"left\" height=\"17\">HUNGARY UCI Cycling Federation<\/td>\n<td style=\"width: 216px;\" align=\"left\">eingescannte Lizenz<\/td>\n<\/tr>\n<tr>\n<td style=\"width: 312px;\" align=\"left\" height=\"17\">IRELAND UCI Cycling Ireland<\/td>\n<td style=\"width: 216px;\" align=\"left\">eingescannte Lizenz<\/td>\n<\/tr>\n<tr>\n<td style=\"width: 312px;\" align=\"left\" height=\"17\">ISRAEL UCI Cycling Federation<\/td>\n<td style=\"width: 216px;\" align=\"left\">eingescannte Lizenz<\/td>\n<\/tr>\n<tr>\n<td style=\"width: 312px;\" align=\"left\" height=\"17\">LATVIA UCI Cycling Federation<\/td>\n<td style=\"width: 216px;\" align=\"left\">eingescannte Lizenz<\/td>\n<\/tr>\n<tr>\n<td style=\"width: 312px;\" align=\"left\" height=\"17\">LIECHTENSTEIN UCI Cycling Federation<\/td>\n<td style=\"width: 216px;\" align=\"left\">eingescannte Lizenz<\/td>\n<\/tr>\n<tr>\n<td style=\"width: 312px;\" align=\"left\" height=\"17\">LITHUANIA UCI Cycling Federation<\/td>\n<td style=\"width: 216px;\" align=\"left\">eingescannte Lizenz<\/td>\n<\/tr>\n<tr>\n<td style=\"width: 312px;\" align=\"left\" height=\"17\">LUXEMBOURG UCI Cycling Federation<\/td>\n<td style=\"width: 216px;\" align=\"left\">eingescannte Lizenz<\/td>\n<\/tr>\n<tr>\n<td style=\"width: 312px;\" align=\"left\" height=\"17\">MOLDAVIA UCI Cycling Federation<\/td>\n<td style=\"width: 216px;\" align=\"left\">eingescannte Lizenz<\/td>\n<\/tr>\n<tr>\n<td style=\"width: 312px;\" align=\"left\" height=\"17\">MACEDONIA UCI Cycling Federation<\/td>\n<td style=\"width: 216px;\" align=\"left\">eingescannte Lizenz<\/td>\n<\/tr>\n<tr>\n<td style=\"width: 312px;\" align=\"left\" height=\"17\">MALTA UCI Cycling Federation<\/td>\n<td style=\"width: 216px;\" align=\"left\">eingescannte Lizenz<\/td>\n<\/tr>\n<tr>\n<td style=\"width: 312px;\" align=\"left\" height=\"17\">MONTENEGRO UCI Cycling Association<\/td>\n<td style=\"width: 216px;\" align=\"left\">eingescannte Lizenz<\/td>\n<\/tr>\n<tr>\n<td style=\"width: 312px;\" align=\"left\" height=\"17\">MONACO UCI Cycling Federation<\/td>\n<td style=\"width: 216px;\" align=\"left\">eingescannte Lizenz<\/td>\n<\/tr>\n<tr>\n<td style=\"width: 312px;\" align=\"left\" height=\"17\">NEDERLAND UCI Royal Cycling Union<\/td>\n<td style=\"width: 216px;\" align=\"left\">eingescannte Lizenz<\/td>\n<\/tr>\n<tr>\n<td style=\"width: 312px;\" align=\"left\" height=\"17\"><strong>NEDERLAND NTFU<\/strong><\/td>\n<td style=\"width: 216px;\" align=\"left\"><strong>medizinisches Zertifikat f\u00fcr Leistungssport<\/strong><\/p>\n<p><strong>Bitte beachten: Diese Lizenz wird von dem UCI nicht anerkannt, daher ist eine Tageslizenz notwendig<\/strong><\/td>\n<\/tr>\n<tr>\n<td style=\"width: 312px;\" align=\"left\" height=\"17\">NORWAY UCI Cycling Federation<\/td>\n<td style=\"width: 216px;\" align=\"left\">eingescannte Lizenz<\/td>\n<\/tr>\n<tr>\n<td style=\"width: 312px;\" align=\"left\" height=\"17\">POLAND UCI Cycling Federation<\/td>\n<td style=\"width: 216px;\" align=\"left\">eingescannte Lizenz<\/td>\n<\/tr>\n<tr>\n<td style=\"width: 312px;\" align=\"left\" height=\"17\">PORTUGAL UCI Cycling Federation<\/td>\n<td style=\"width: 216px;\" align=\"left\">eingescannte Lizenz<\/td>\n<\/tr>\n<tr>\n<td style=\"width: 312px;\" align=\"left\" height=\"17\">ROMANIA UCI Cycling Federation<\/td>\n<td style=\"width: 216px;\" align=\"left\">eingescannte Lizenz<\/td>\n<\/tr>\n<tr>\n<td style=\"width: 312px;\" align=\"left\" height=\"17\">RUSSIA UCI Cycling Federation<\/td>\n<td style=\"width: 216px;\" align=\"left\">eingescannte Lizenz<\/td>\n<\/tr>\n<tr>\n<td style=\"width: 312px;\" align=\"left\" height=\"17\">SAN MARINO UCI Cycling Federation<\/td>\n<td style=\"width: 216px;\" align=\"left\">eingescannte Lizenz<\/td>\n<\/tr>\n<tr>\n<td style=\"width: 312px;\" align=\"left\" height=\"17\">SERBIA UCI Cycling Federation of Serbia<\/td>\n<td style=\"width: 216px;\" align=\"left\">eingescannte Lizenz<\/td>\n<\/tr>\n<tr>\n<td style=\"width: 312px;\" align=\"left\" height=\"17\">SLOVENIA UCI Cycling Federation<\/td>\n<td style=\"width: 216px;\" align=\"left\">eingescannte Lizenz<\/td>\n<\/tr>\n<tr>\n<td style=\"width: 312px;\" align=\"left\" height=\"17\">SWITZERLAND UCI Swiss Cycling<\/td>\n<td style=\"width: 216px;\" align=\"left\">eingescannte Lizenz<\/td>\n<\/tr>\n<tr>\n<td style=\"width: 312px;\" align=\"left\" height=\"17\">SLOVAKIA UCI Cycling Federation<\/td>\n<td style=\"width: 216px;\" align=\"left\">eingescannte Lizenz<\/td>\n<\/tr>\n<tr>\n<td style=\"width: 312px;\" align=\"left\" height=\"17\">SPAIN UCI Cycling Federation<\/td>\n<td style=\"width: 216px;\" align=\"left\">eingescannte Lizenz<\/td>\n<\/tr>\n<tr>\n<td style=\"width: 312px;\" align=\"left\" height=\"17\">SWEDEN UCI Cycling Federation<\/td>\n<td style=\"width: 216px;\" align=\"left\">eingescannte Lizenz<\/td>\n<\/tr>\n<tr>\n<td style=\"width: 312px;\" align=\"left\" height=\"17\">TURKEY UCI Cycling Federation<\/td>\n<td style=\"width: 216px;\" align=\"left\">eingescannte Lizenz<\/td>\n<\/tr>\n<tr>\n<td style=\"width: 312px;\" align=\"left\" height=\"17\">UNITED KINGDOM UCI British Cycling<\/td>\n<td style=\"width: 216px;\" align=\"left\">eingescannte Lizenz<\/td>\n<\/tr>\n<tr>\n<td style=\"width: 312px;\" align=\"left\" height=\"17\">UKRAINE UCI Cycling Federation<\/td>\n<td style=\"width: 216px;\" align=\"left\">eingescannte Lizenz<\/td>\n<\/tr>\n<tr>\n<td style=\"width: 312px;\" align=\"left\" height=\"17\"><strong>International UCI Non-European Cycling Federation<\/strong><\/td>\n<td style=\"width: 216px;\" align=\"left\"><strong>eingescannte Lizenz<\/strong><\/td>\n<\/tr>\n<tr>\n<td style=\"width: 312px;\" align=\"left\" height=\"17\"><strong>International ITU Triathlon<\/strong><\/td>\n<td style=\"width: 216px;\" align=\"left\"><strong>medizinisches Zertifikat f\u00fcr Leistungssport <\/strong><\/p>\n<p><strong><strong>Bitte beachten: Diese Lizenz wird von dem UCI nicht anerkannt, daher ist eine Tageslizenz notwendig<\/strong><\/strong><\/td>\n<\/tr>\n<tr>\n<td style=\"width: 312px;\" align=\"left\" height=\"17\"><strong>International Ironman Triathlon<\/strong><\/td>\n<td style=\"width: 216px;\" align=\"left\"><strong>medizinisches Zertifikat f\u00fcr Leistungssport <\/strong><\/p>\n<p><strong>Bitte beachten: Diese Lizenz wird von dem UCI nicht anerkannt, daher ist eine Tageslizenz notwendig<\/strong><\/p>\n<p>&nbsp;<\/td>\n<\/tr>\n<\/tbody>\n<\/table>\n","protected":false},"excerpt":{"rendered":"<p>Zugewiesene Startnummern f\u00fcr die Granfondo San Remo &#8211; San Remo Classicissima sind Gegenstand zur \u00dcberpr\u00fcfung, dass die Dokumente der Teilnehmer f\u00fcr die Teilnahme an der Wettkampfsaison berechtigen. &nbsp; Verteilung der Startnummern Die Startnummern werden verteilt sobald die Dokumente der Sportler verifiziert wurden. Sobald Sie Ihre Anmeldung abgeschlossen haben, k\u00f6nnen Sie Ihre Dokumente mit Hilfe des [&hellip;]<\/p>\n","protected":false},"author":1,"featured_media":0,"parent":5275,"menu_order":0,"comment_status":"closed","ping_status":"closed","template":"","meta":{"_et_pb_use_builder":"","_et_pb_old_content":"","_et_gb_content_width":"","footnotes":""},"class_list":["post-7395","page","type-page","status-publish","hentry"],"yoast_head":"<!-- This site is optimized with the Yoast SEO plugin v26.5 - https:\/\/yoast.com\/wordpress\/plugins\/seo\/ -->\n<title>Verteilung der Startnummern - GRANFONDO SANREMO SANREMO 2026<\/title>\n<meta name=\"description\" content=\"\u00dcberpr\u00fcfen Sie die Dokumente f\u00fcr Verteilung der Startnummern f\u00fcr den Granfondo Sanremo Sanremo la Classicissima\" \/>\n<meta name=\"robots\" content=\"index, follow, max-snippet:-1, max-image-preview:large, max-video-preview:-1\" \/>\n<link rel=\"canonical\" href=\"https:\/\/classicissima.it\/de\/anmeldung-2\/verteilung-der-startnummern\/\" \/>\n<meta property=\"og:locale\" content=\"de_DE\" \/>\n<meta property=\"og:type\" content=\"article\" \/>\n<meta property=\"og:title\" content=\"Verteilung der Startnummern - GRANFONDO SANREMO SANREMO 2026\" \/>\n<meta property=\"og:description\" content=\"\u00dcberpr\u00fcfen Sie die Dokumente f\u00fcr Verteilung der Startnummern f\u00fcr den Granfondo Sanremo Sanremo la Classicissima\" \/>\n<meta property=\"og:url\" content=\"https:\/\/classicissima.it\/de\/anmeldung-2\/verteilung-der-startnummern\/\" \/>\n<meta property=\"og:site_name\" content=\"GRANFONDO SANREMO SANREMO 2026\" \/>\n<meta property=\"article:modified_time\" content=\"2023-07-27T11:09:50+00:00\" \/>\n<meta name=\"twitter:card\" content=\"summary_large_image\" \/>\n<meta name=\"twitter:label1\" content=\"Gesch\u00e4tzte Lesezeit\" \/>\n\t<meta name=\"twitter:data1\" content=\"4\u00a0Minuten\" \/>\n<script type=\"application\/ld+json\" class=\"yoast-schema-graph\">{\"@context\":\"https:\/\/schema.org\",\"@graph\":[{\"@type\":\"WebPage\",\"@id\":\"https:\/\/classicissima.it\/de\/anmeldung-2\/verteilung-der-startnummern\/\",\"url\":\"https:\/\/classicissima.it\/de\/anmeldung-2\/verteilung-der-startnummern\/\",\"name\":\"Verteilung der Startnummern - GRANFONDO SANREMO SANREMO 2026\",\"isPartOf\":{\"@id\":\"https:\/\/classicissima.it\/#website\"},\"datePublished\":\"2017-10-05T16:48:25+00:00\",\"dateModified\":\"2023-07-27T11:09:50+00:00\",\"description\":\"\u00dcberpr\u00fcfen Sie die Dokumente f\u00fcr Verteilung der Startnummern f\u00fcr den Granfondo Sanremo Sanremo la Classicissima\",\"breadcrumb\":{\"@id\":\"https:\/\/classicissima.it\/de\/anmeldung-2\/verteilung-der-startnummern\/#breadcrumb\"},\"inLanguage\":\"de\",\"potentialAction\":[{\"@type\":\"ReadAction\",\"target\":[\"https:\/\/classicissima.it\/de\/anmeldung-2\/verteilung-der-startnummern\/\"]}]},{\"@type\":\"BreadcrumbList\",\"@id\":\"https:\/\/classicissima.it\/de\/anmeldung-2\/verteilung-der-startnummern\/#breadcrumb\",\"itemListElement\":[{\"@type\":\"ListItem\",\"position\":1,\"name\":\"Home\",\"item\":\"https:\/\/classicissima.it\/de\/\"},{\"@type\":\"ListItem\",\"position\":2,\"name\":\"Anmeldung\",\"item\":\"https:\/\/classicissima.it\/de\/anmeldung-2\/\"},{\"@type\":\"ListItem\",\"position\":3,\"name\":\"Verteilung der Startnummern\"}]},{\"@type\":\"WebSite\",\"@id\":\"https:\/\/classicissima.it\/#website\",\"url\":\"https:\/\/classicissima.it\/\",\"name\":\"GRANFONDO SANREMO SANREMO 2026\",\"description\":\"La Classicissima 22.03.2026\",\"potentialAction\":[{\"@type\":\"SearchAction\",\"target\":{\"@type\":\"EntryPoint\",\"urlTemplate\":\"https:\/\/classicissima.it\/?s={search_term_string}\"},\"query-input\":{\"@type\":\"PropertyValueSpecification\",\"valueRequired\":true,\"valueName\":\"search_term_string\"}}],\"inLanguage\":\"de\"}]}<\/script>\n<!-- \/ Yoast SEO plugin. -->","yoast_head_json":{"title":"Verteilung der Startnummern - GRANFONDO SANREMO SANREMO 2026","description":"\u00dcberpr\u00fcfen Sie die Dokumente f\u00fcr Verteilung der Startnummern f\u00fcr den Granfondo Sanremo Sanremo la Classicissima","robots":{"index":"index","follow":"follow","max-snippet":"max-snippet:-1","max-image-preview":"max-image-preview:large","max-video-preview":"max-video-preview:-1"},"canonical":"https:\/\/classicissima.it\/de\/anmeldung-2\/verteilung-der-startnummern\/","og_locale":"de_DE","og_type":"article","og_title":"Verteilung der Startnummern - GRANFONDO SANREMO SANREMO 2026","og_description":"\u00dcberpr\u00fcfen Sie die Dokumente f\u00fcr Verteilung der Startnummern f\u00fcr den Granfondo Sanremo Sanremo la Classicissima","og_url":"https:\/\/classicissima.it\/de\/anmeldung-2\/verteilung-der-startnummern\/","og_site_name":"GRANFONDO SANREMO SANREMO 2026","article_modified_time":"2023-07-27T11:09:50+00:00","twitter_card":"summary_large_image","twitter_misc":{"Gesch\u00e4tzte Lesezeit":"4\u00a0Minuten"},"schema":{"@context":"https:\/\/schema.org","@graph":[{"@type":"WebPage","@id":"https:\/\/classicissima.it\/de\/anmeldung-2\/verteilung-der-startnummern\/","url":"https:\/\/classicissima.it\/de\/anmeldung-2\/verteilung-der-startnummern\/","name":"Verteilung der Startnummern - GRANFONDO SANREMO SANREMO 2026","isPartOf":{"@id":"https:\/\/classicissima.it\/#website"},"datePublished":"2017-10-05T16:48:25+00:00","dateModified":"2023-07-27T11:09:50+00:00","description":"\u00dcberpr\u00fcfen Sie die Dokumente f\u00fcr Verteilung der Startnummern f\u00fcr den Granfondo Sanremo Sanremo la Classicissima","breadcrumb":{"@id":"https:\/\/classicissima.it\/de\/anmeldung-2\/verteilung-der-startnummern\/#breadcrumb"},"inLanguage":"de","potentialAction":[{"@type":"ReadAction","target":["https:\/\/classicissima.it\/de\/anmeldung-2\/verteilung-der-startnummern\/"]}]},{"@type":"BreadcrumbList","@id":"https:\/\/classicissima.it\/de\/anmeldung-2\/verteilung-der-startnummern\/#breadcrumb","itemListElement":[{"@type":"ListItem","position":1,"name":"Home","item":"https:\/\/classicissima.it\/de\/"},{"@type":"ListItem","position":2,"name":"Anmeldung","item":"https:\/\/classicissima.it\/de\/anmeldung-2\/"},{"@type":"ListItem","position":3,"name":"Verteilung der Startnummern"}]},{"@type":"WebSite","@id":"https:\/\/classicissima.it\/#website","url":"https:\/\/classicissima.it\/","name":"GRANFONDO SANREMO SANREMO 2026","description":"La Classicissima 22.03.2026","potentialAction":[{"@type":"SearchAction","target":{"@type":"EntryPoint","urlTemplate":"https:\/\/classicissima.it\/?s={search_term_string}"},"query-input":{"@type":"PropertyValueSpecification","valueRequired":true,"valueName":"search_term_string"}}],"inLanguage":"de"}]}},"_links":{"self":[{"href":"https:\/\/classicissima.it\/de\/wp-json\/wp\/v2\/pages\/7395","targetHints":{"allow":["GET"]}}],"collection":[{"href":"https:\/\/classicissima.it\/de\/wp-json\/wp\/v2\/pages"}],"about":[{"href":"https:\/\/classicissima.it\/de\/wp-json\/wp\/v2\/types\/page"}],"author":[{"embeddable":true,"href":"https:\/\/classicissima.it\/de\/wp-json\/wp\/v2\/users\/1"}],"replies":[{"embeddable":true,"href":"https:\/\/classicissima.it\/de\/wp-json\/wp\/v2\/comments?post=7395"}],"version-history":[{"count":9,"href":"https:\/\/classicissima.it\/de\/wp-json\/wp\/v2\/pages\/7395\/revisions"}],"predecessor-version":[{"id":13002,"href":"https:\/\/classicissima.it\/de\/wp-json\/wp\/v2\/pages\/7395\/revisions\/13002"}],"up":[{"embeddable":true,"href":"https:\/\/classicissima.it\/de\/wp-json\/wp\/v2\/pages\/5275"}],"wp:attachment":[{"href":"https:\/\/classicissima.it\/de\/wp-json\/wp\/v2\/media?parent=7395"}],"curies":[{"name":"wp","href":"https:\/\/api.w.org\/{rel}","templated":true}]}}